{"id":3479,"date":"2021-04-07T15:56:03","date_gmt":"2021-04-07T13:56:03","guid":{"rendered":"https:\/\/redheadwithabrain.ch\/?page_id=3479"},"modified":"2022-04-15T19:46:26","modified_gmt":"2022-04-15T17:46:26","slug":"marguerite-duras","status":"publish","type":"page","link":"https:\/\/redheadwithabrain.ch\/index.php\/have-experienced-them-all\/marguerite-duras\/","title":{"rendered":"Marguerite Duras"},"content":{"rendered":"<div data-colibri-id=\"3479-c1\" class=\"style-625 style-local-3479-c1 position-relative\">\n  <!---->\n  <div data-colibri-component=\"section\" data-colibri-id=\"3479-c2\" id=\"custom\" class=\"h-section h-section-global-spacing d-flex align-items-lg-center align-items-md-center align-items-center style-630 style-local-3479-c2 position-relative\">\n    <!---->\n    <!---->\n    <div class=\"h-section-grid-container h-section-boxed-container\">\n      <!---->\n      <div data-colibri-id=\"3479-c3\" class=\"h-row-container gutters-row-lg-2 gutters-row-md-2 gutters-row-0 gutters-row-v-lg-2 gutters-row-v-md-2 gutters-row-v-2 style-677 style-local-3479-c3 position-relative\">\n        <!---->\n        <div class=\"h-row justify-content-lg-center justify-content-md-center justify-content-center align-items-lg-stretch align-items-md-stretch align-items-stretch gutters-col-lg-2 gutters-col-md-2 gutters-col-0 gutters-col-v-lg-2 gutters-col-v-md-2 gutters-col-v-2\">\n          <!---->\n          <div class=\"h-column h-column-container d-flex h-col-lg-auto h-col-md-auto h-col-auto style-678-outer style-local-3479-c4-outer\">\n            <div data-colibri-id=\"3479-c4\" class=\"d-flex h-flex-basis h-column__inner h-px-lg-2 h-px-md-2 h-px-2 v-inner-lg-2 v-inner-md-2 v-inner-2 style-678 style-local-3479-c4 position-relative\">\n              <!---->\n              <!---->\n              <div class=\"w-100 h-y-container h-column__content h-column__v-align flex-basis-100 align-self-lg-start align-self-md-start align-self-start\">\n                <!---->\n                <div data-colibri-id=\"3479-c5\" class=\"h-text h-text-component style-680 style-local-3479-c5 position-relative h-element\">\n                  <!---->\n                  <!---->\n                  <div class=\"\">\n                    <p><span style=\"color: rgb(48, 62, 122); font-family: &quot;Open Sans&quot;, serif;\">Marguerite Duras (1914-1996) est une \u00e9crivaine fran\u00e7aise qui a produit des romans, dont de nombreux sont d&#8217;inspiration autobiographique, des pi\u00e8ces de th\u00e9\u00e2tre, des sc\u00e9narios et des essais. C&#8217;est une autrice que j&#8217;ai d\u00fb lire jeune \u00e0 l&#8217;\u00e9cole mais que j&#8217;ai toujours beaucoup aim\u00e9. Le style de ses \u00e9crits peut \u00eatre tr\u00e8s diff\u00e9rents. Certains sont parfois difficiles \u00e0 comprendre mais l&#8217;\u00e9criture est tellement belle qu&#8217;il suffit de se laisser porter par le texte. L&#8217;\u0153uvre de Marguerite Duras a \u00e9t\u00e9 publi\u00e9e en quatre volumes dans la collection La Pl\u00e9iade et c&#8217;est donc ces livres-l\u00e0 que je suis en train de lire.<\/span><\/p>\n                  <\/div>\n                <\/div>\n              <\/div>\n            <\/div>\n          <\/div>\n        <\/div>\n      <\/div>\n      <div data-colibri-id=\"3479-c6\" class=\"h-row-container gutters-row-lg-2 gutters-row-md-2 gutters-row-0 gutters-row-v-lg-2 gutters-row-v-md-2 gutters-row-v-2 style-631 style-local-3479-c6 position-relative\">\n        <!---->\n        <div class=\"h-row justify-content-lg-center justify-content-md-center justify-content-center align-items-lg-stretch align-items-md-stretch align-items-stretch gutters-col-lg-2 gutters-col-md-2 gutters-col-0 gutters-col-v-lg-2 gutters-col-v-md-2 gutters-col-v-2\">\n          <!---->\n          <div class=\"h-column h-column-container d-flex h-col-lg-auto h-col-md-auto h-col-auto style-632-outer style-local-3479-c7-outer\">\n            <div data-colibri-id=\"3479-c7\" class=\"d-flex h-flex-basis h-column__inner h-px-lg-2 h-px-md-2 h-px-2 v-inner-lg-2 v-inner-md-2 v-inner-2 style-632 style-local-3479-c7 position-relative\">\n              <!---->\n              <!---->\n              <div class=\"w-100 h-y-container h-column__content h-column__v-align flex-basis-100 align-self-lg-start align-self-md-start align-self-start\">\n                <!---->\n                <div data-colibri-id=\"3479-c8\" class=\"h-text h-text-component style-634 style-local-3479-c8 position-relative h-element\">\n                  <!---->\n                  <!---->\n                  <div class=\"\">\n                    <p><span style=\"color: rgb(158, 201, 226); font-weight: 600;\">Livres lus<\/span><\/p>\n                    <p><strong style=\"font-weight: 600; color: rgb(48, 62, 122); font-size: 98%; font-family: &quot;Open Sans&quot;;\">\u0152uvres<\/strong><strong style=\"font-weight: 600; color: rgb(76, 110, 119); font-size: 14pt; font-family: &quot;Open Sans&quot;;\">&nbsp;<\/strong>\n                      <span\n                        style=\"font-weight: 600;\">compl\u00e8tes. Tome I<\/span>\n                        <br>Les Impudents (1943)\n                        <br>La Vie tranquille (1944)\n                        <br>Un barrage contre le Pacifique (1950)\n                        <br>Le Marin de Gibraltar (1952)\n                        <br>Les Petits Chevaux de Tarquinia (1953)\n                        <br>Des journ\u00e9es enti\u00e8res dans les arbres (1954)\n                        <br>Le Square (1955)\n                        <br>Moderato cantabile (1958)\n                        <br>Les Viaducs de la Seine-et-Oise (1960)\n                        <br>Dix heures et demi du soir en \u00e9t\u00e9 (1960)<\/p>\n                    <p><strong style=\"font-weight: 600; color: rgb(48, 62, 122); font-size: 16.16px;\">\u0152uvres compl\u00e8tes. Tome II<\/strong>\n                      <br>Hiroshima mon amour (1960)\n                      <br>Une aussi longue absence (1961)\n                      <br>L&#8217;Apr\u00e8s-midi de monsieur Andesmas (1962)\n                      <br>Le Ravissement de Lol V. Stein (1964)\n                      <br>Les Eaux et For\u00eats (1965)\n                      <br>Le Square. Trois tableaux (1965)\n                      <br>La Musica (1965)\n                      <br>Le Vice-consul (1966)\n                      <br>L&#8217;Amante anglaise (1967)\n                      <br>Suzanna Andler (1968)\n                      <br>Des journ\u00e9es enti\u00e8res dans les arbres [th\u00e9\u00e2tre] (1968)\n                      <br>Yes, peut-\u00eatre (1968)\n                      <br>Le Shaga (1968)\n                      <br>Un homme est venu me voir (1968)\n                      <br>Le Th\u00e9\u00e2tre de l&#8217;Amante anglaise (1991)\n                      <br>D\u00e9truire dit-elle (1969)\n                      <br>\n                      <a href=\"https:\/\/redheadwithabrain.ch\/index.php\/2021\/03\/31\/lamour-marguerite-duras-1971\">L&#8217;Amour<\/a> (1971)<\/p>\n                    <p><strong style=\"font-weight: 600; font-size: 16.16px; font-family: &quot;Open Sans&quot;; color: rgb(48, 62, 122);\">\u0152uvres compl\u00e8tes. Tome III<\/strong>\n                      <br>\n                      <a href=\"https:\/\/redheadwithabrain.ch\/index.php\/2021\/05\/31\/le-camion-marguerite-duras-1977\">Le Camion<\/a><strong style=\"color: rgb(48, 62, 122); font-family: &quot;Open Sans&quot;; font-size: 16px; font-weight: 400;\"> (1977)<\/strong>\n                      <br>\n                      <a href=\"https:\/\/redheadwithabrain.ch\/index.php\/2022\/04\/15\/lete-80-marguerite-duras-1980\">L&#8217;\u00c9t\u00e9 80<\/a><strong style=\"font-weight: 400; font-size: 16px; font-family: &quot;Open Sans&quot;; color: rgb(48, 62, 122);\"> (1980)<\/strong>\n                      <br>\n                      <a href=\"https:\/\/redheadwithabrain.ch\/index.php\/2021\/01\/10\/lamant-marguerite-duras\">L&#8217;Amant <\/a>(1981)<\/p>\n                    <p><strong style=\"color: rgb(48, 62, 122); font-family: &quot;Open Sans&quot;; font-size: 16.16px; font-weight: 600;\">\u0152uvres compl\u00e8tes. Tome IV<\/strong>\n                      <br>\n                      <a href=\"https:\/\/redheadwithabrain.ch\/index.php\/2021\/05\/11\/les-yeux-bleus-cheveux-noirs-marguerite-duras-1986\">Les Yeux bleus cheveux noirs<\/a><strong style=\"font-weight: 400; font-size: 16px; font-family: &quot;Open Sans&quot;; color: rgb(48, 62, 122);\"> (1986)<\/strong>\n                      <br>\n                      <a href=\"https:\/\/redheadwithabrain.ch\/index.php\/2022\/01\/25\/ecrire-marguerite-duras-1993\">\u00c9crire<\/a>\n                      <a href=\"https:\/\/redheadwithabrain.ch\/index.php\/2022\/01\/25\/ecrire-marguerite-duras-1993\" style=\"font-weight: 400; font-size: 16px; font-family: &quot;Open Sans&quot;; color: rgb(48, 62, 122);\"><strong> <\/strong><\/a><strong style=\"font-weight: 400; font-size: 16px; font-family: &quot;Open Sans&quot;; color: rgb(48, 62, 122);\">(1993)<\/strong>\n                      <br>\n                    <\/p>\n                  <\/div>\n                <\/div>\n              <\/div>\n            <\/div>\n          <\/div>\n          <div class=\"h-column h-column-container d-flex h-col-lg-auto h-col-md-auto h-col-auto style-633-outer style-local-3479-c9-outer\">\n            <div data-colibri-id=\"3479-c9\" class=\"d-flex h-flex-basis h-column__inner h-px-lg-2 h-px-md-2 h-px-2 v-inner-lg-2 v-inner-md-2 v-inner-2 style-633 style-local-3479-c9 position-relative\">\n              <!---->\n              <!---->\n              <div class=\"w-100 h-y-container h-column__content h-column__v-align flex-basis-100 align-self-lg-start align-self-md-start align-self-start\">\n                <!---->\n                <div data-colibri-id=\"3479-c10\" class=\"h-text h-text-component style-635 style-local-3479-c10 position-relative h-element\">\n                  <!---->\n                  <!---->\n                  <div class=\"\">\n                    <p><strong style=\"font-weight: 600; color: rgb(158, 201, 226); font-size: 101%;\">Livres \u00e0 lire<\/strong><span style=\"color: rgb(158, 201, 226);\"><br><\/span><\/p>\n                    <p><strong style=\"font-size: 16.16px; font-weight: 600; font-family: &quot;Open Sans&quot;; color: rgb(48, 62, 122);\">\u0152uvres compl\u00e8tes. Tome II<\/strong><strong style=\"color: rgb(192, 80, 77);\"><br><\/strong><strong style=\"color: rgb(48, 62, 122); font-weight: 400;\">Abahn Sabana David<br>Nathalie Granger<br>La Femme du Gange<br>India Song<\/strong><\/p>\n                    <p><strong style=\"font-weight: 600; color: rgb(48, 62, 122); font-size: 101%;\">\u0152uvres compl\u00e8tes. Tome III<\/strong><strong style=\"color: rgb(48, 62, 122); font-weight: 400;\"><br>Les Parleuses<br>Les Lieux de Marguerite Duras<br>L&#8217;\u00c9den Cin\u00e9ma<br>Le Navire Night<br>C\u00e9sar\u00e9e<br>Les mains n\u00e9gatives<br>Aur\u00e9lia Steiner ; Aur\u00e9lia Steiner ; Aur\u00e9lia Steiner<br>V\u00e9ra Baxter ou Les plages de l&#8217;Atlantique<br>L&#8217;Homme assis dans le couloir<br>Les Yeux verts<br>Outside<br>Agatha<br>L&#8217;Homme atlantique<br>Savannah Bay<br>La Maladie de la mort<br>La B\u00eate dans la jungle [th\u00e9\u00e2tre]<\/strong>\n                      <br>Les Papiers d&#8217;Aspern&nbsp;<strong style=\"color: rgb(48, 62, 122); font-weight: 400; font-size: 16px; font-family: &quot;Open Sans&quot;;\">[th\u00e9\u00e2tre]<\/strong><strong style=\"color: rgb(48, 62, 122); font-weight: 400;\"><br>La Danse de mort&nbsp;<\/strong>\n                      <strong\n                        style=\"color: rgb(48, 62, 122); font-weight: 400; font-size: 16px; font-family: &quot;Open Sans&quot;;\">[th\u00e9\u00e2tre]<\/strong><strong style=\"color: rgb(48, 62, 122); font-weight: 400;\"><br><\/strong><\/p>\n                    <p><strong style=\"font-size: 16.16px; color: rgb(48, 62, 122); font-weight: 600;\">\u0152uvres compl\u00e8tes. Tome IV<\/strong><strong style=\"color: rgb(48, 62, 122); font-weight: 400;\"><br>La Douleur<br>La Musica Deuxi\u00e8me<br>La Pute de la c\u00f4te normande<br>La Vie mat\u00e9rielle<br>Emily L.<br>La Pluie d&#8217;\u00e9t\u00e9<br>L&#8217;Amant de la Chine du Nord<br>Yann Andr\u00e9a Steiner<br>Le Monde ext\u00e9rieur (Outside II)<\/strong><\/p>\n                  <\/div>\n                <\/div>\n              <\/div>\n            <\/div>\n          <\/div>\n        <\/div>\n      <\/div>\n    <\/div>\n  <\/div>\n<\/div>","protected":false},"excerpt":{"rendered":"<p>Marguerite Duras (1914-1996) est une \u00e9crivaine fran\u00e7aise qui a produit des romans, dont de nombreux sont d&#8217;inspiration autobiographique, des pi\u00e8ces de th\u00e9\u00e2tre, des sc\u00e9narios et des essais. C&#8217;est une autrice que j&#8217;ai d\u00fb lire jeune \u00e0 l&#8217;\u00e9cole mais que j&#8217;ai toujours beaucoup aim\u00e9. Le style de ses \u00e9crits peut \u00eatre tr\u00e8s diff\u00e9rents. Certains sont parfois [&hellip;]<\/p>\n","protected":false},"author":1,"featured_media":3358,"parent":3170,"menu_order":0,"comment_status":"closed","ping_status":"closed","template":"page-templates\/full-width-page.php","meta":{"footnotes":""},"class_list":["post-3479","page","type-page","status-publish","has-post-thumbnail","hentry"],"jetpack_sharing_enabled":true,"_links":{"self":[{"href":"https:\/\/redheadwithabrain.ch\/index.php\/wp-json\/wp\/v2\/pages\/3479","targetHints":{"allow":["GET"]}}],"collection":[{"href":"https:\/\/redheadwithabrain.ch\/index.php\/wp-json\/wp\/v2\/pages"}],"about":[{"href":"https:\/\/redheadwithabrain.ch\/index.php\/wp-json\/wp\/v2\/types\/page"}],"author":[{"embeddable":true,"href":"https:\/\/redheadwithabrain.ch\/index.php\/wp-json\/wp\/v2\/users\/1"}],"replies":[{"embeddable":true,"href":"https:\/\/redheadwithabrain.ch\/index.php\/wp-json\/wp\/v2\/comments?post=3479"}],"version-history":[{"count":20,"href":"https:\/\/redheadwithabrain.ch\/index.php\/wp-json\/wp\/v2\/pages\/3479\/revisions"}],"predecessor-version":[{"id":9487,"href":"https:\/\/redheadwithabrain.ch\/index.php\/wp-json\/wp\/v2\/pages\/3479\/revisions\/9487"}],"up":[{"embeddable":true,"href":"https:\/\/redheadwithabrain.ch\/index.php\/wp-json\/wp\/v2\/pages\/3170"}],"wp:featuredmedia":[{"embeddable":true,"href":"https:\/\/redheadwithabrain.ch\/index.php\/wp-json\/wp\/v2\/media\/3358"}],"wp:attachment":[{"href":"https:\/\/redheadwithabrain.ch\/index.php\/wp-json\/wp\/v2\/media?parent=3479"}],"curies":[{"name":"wp","href":"https:\/\/api.w.org\/{rel}","templated":true}]}}